{"id":22170,"date":"2024-11-08T15:11:20","date_gmt":"2024-11-08T14:14:36","guid":{"rendered":"https:\/\/www.editorialalpina.com\/?post_type=product&#038;p=22170"},"modified":"2024-11-08T15:16:08","modified_gmt":"2024-11-08T14:16:08","slug":"100-cims-mapa-de-rascar","status":"publish","type":"product","link":"https:\/\/www.editorialalpina.com\/es\/mapa-alpina\/100-cims-mapa-de-rascar\/","title":{"rendered":"100 CIMS MAPA DE RASCAR"},"content":{"rendered":"","protected":false},"excerpt":{"rendered":"<p>El reto de las \u201c100 Cumbres\u201d, impulsado por la FEEC, consiste en alcanzar 100 cumbres de entre una lista de 522 monta\u00f1as representativas de Catalunya, Catalunya del Norte y Andorra.<br \/>\nEste mapa es una herramienta que permite registrar de una manera sencilla y visual todas las cimas que se vayan alcanzando, simplemente rascando con una moneda los top\u00f3nimos que aparecen en color negro y convirti\u00e9ndolos en magenta.<br \/>\nLa escalera del mapa, 1:400.000, y su formato p\u00f3ster (68 x 68 cm), facilita tanto la identificaci\u00f3n como la situaci\u00f3n de todos los top\u00f3nimos.<\/p>\n<p>Coeditado por Editorial Alpina y Mapzine con la colaboraci\u00f3n de la FEEC<\/p>\n","protected":false},"featured_media":22167,"comment_status":"open","ping_status":"closed","template":"","meta":[],"product_brand":[],"product_cat":[373,377,375,23],"product_tag":[],"class_list":{"0":"post-22170","1":"product","2":"type-product","3":"status-publish","4":"has-post-thumbnail","6":"product_cat-destacado-espanol","7":"product_cat-destacat-angles-es","8":"product_cat-destacat-catala-es","9":"product_cat-mapas","11":"first","12":"instock","13":"taxable","14":"shipping-taxable","15":"purchasable","16":"product-type-simple"},"yoast_head":"<!-- This site is optimized with the Yoast SEO plugin v27.0 - https:\/\/yoast.com\/product\/yoast-seo-wordpress\/ -->\n<title>100 CIMS MAPA DE RASCAR - Editorial Alpina<\/title>\n<meta name=\"description\" content=\"100 CIMS MAPA DE RASCAR Todos los mapas y gu\u00edas excursionistas de Editorial Alpina. Excursiones, senderos GR, rutas BTT, v\u00edas ferratas... la mejor forma de descubrir nuestro entorno.\" \/>\n<meta name=\"robots\" content=\"index, follow, max-snippet:-1, max-image-preview:large, max-video-preview:-1\" \/>\n<link rel=\"canonical\" href=\"https:\/\/www.editorialalpina.com\/es\/mapa-alpina\/100-cims-mapa-de-rascar\/\" \/>\n<meta property=\"og:locale\" content=\"es_ES\" \/>\n<meta property=\"og:type\" content=\"article\" \/>\n<meta property=\"og:title\" content=\"100 CIMS MAPA DE RASCAR - Editorial Alpina\" \/>\n<meta property=\"og:description\" content=\"100 CIMS MAPA DE RASCAR Todos los mapas y gu\u00edas excursionistas de Editorial Alpina. Excursiones, senderos GR, rutas BTT, v\u00edas ferratas... la mejor forma de descubrir nuestro entorno.\" \/>\n<meta property=\"og:url\" content=\"https:\/\/www.editorialalpina.com\/es\/mapa-alpina\/100-cims-mapa-de-rascar\/\" \/>\n<meta property=\"og:site_name\" content=\"Editorial Alpina\" \/>\n<meta property=\"article:modified_time\" content=\"2024-11-08T14:16:08+00:00\" \/>\n<meta property=\"og:image\" content=\"https:\/\/www.editorialalpina.com\/alpina2018\/wp-content\/uploads\/2024\/11\/100-Cims_imatge-scaled.jpg\" \/>\n\t<meta property=\"og:image:width\" content=\"800\" \/>\n\t<meta property=\"og:image:height\" content=\"520\" \/>\n\t<meta property=\"og:image:type\" content=\"image\/jpeg\" \/>\n<meta name=\"twitter:label1\" content=\"Tiempo de lectura\" \/>\n\t<meta name=\"twitter:data1\" content=\"1 minuto\" \/>\n<script type=\"application\/ld+json\" class=\"yoast-schema-graph\">{\"@context\":\"https:\/\/schema.org\",\"@graph\":[{\"@type\":\"WebPage\",\"@id\":\"https:\/\/www.editorialalpina.com\/es\/mapa-alpina\/100-cims-mapa-de-rascar\/\",\"url\":\"https:\/\/www.editorialalpina.com\/es\/mapa-alpina\/100-cims-mapa-de-rascar\/\",\"name\":\"100 CIMS MAPA DE RASCAR - Editorial Alpina\",\"isPartOf\":{\"@id\":\"https:\/\/www.editorialalpina.com\/es\/#website\"},\"primaryImageOfPage\":{\"@id\":\"https:\/\/www.editorialalpina.com\/es\/mapa-alpina\/100-cims-mapa-de-rascar\/#primaryimage\"},\"image\":{\"@id\":\"https:\/\/www.editorialalpina.com\/es\/mapa-alpina\/100-cims-mapa-de-rascar\/#primaryimage\"},\"thumbnailUrl\":\"https:\/\/www.editorialalpina.com\/alpina2018\/wp-content\/uploads\/2024\/11\/100-Cims_imatge-scaled.jpg\",\"datePublished\":\"2024-11-08T14:14:36+00:00\",\"dateModified\":\"2024-11-08T14:16:08+00:00\",\"description\":\"100 CIMS MAPA DE RASCAR Todos los mapas y gu\u00edas excursionistas de Editorial Alpina. Excursiones, senderos GR, rutas BTT, v\u00edas ferratas... la mejor forma de descubrir nuestro entorno.\",\"breadcrumb\":{\"@id\":\"https:\/\/www.editorialalpina.com\/es\/mapa-alpina\/100-cims-mapa-de-rascar\/#breadcrumb\"},\"inLanguage\":\"es\",\"potentialAction\":[{\"@type\":\"ReadAction\",\"target\":[\"https:\/\/www.editorialalpina.com\/es\/mapa-alpina\/100-cims-mapa-de-rascar\/\"]}]},{\"@type\":\"ImageObject\",\"inLanguage\":\"es\",\"@id\":\"https:\/\/www.editorialalpina.com\/es\/mapa-alpina\/100-cims-mapa-de-rascar\/#primaryimage\",\"url\":\"https:\/\/www.editorialalpina.com\/alpina2018\/wp-content\/uploads\/2024\/11\/100-Cims_imatge-scaled.jpg\",\"contentUrl\":\"https:\/\/www.editorialalpina.com\/alpina2018\/wp-content\/uploads\/2024\/11\/100-Cims_imatge-scaled.jpg\",\"width\":800,\"height\":520},{\"@type\":\"BreadcrumbList\",\"@id\":\"https:\/\/www.editorialalpina.com\/es\/mapa-alpina\/100-cims-mapa-de-rascar\/#breadcrumb\",\"itemListElement\":[{\"@type\":\"ListItem\",\"position\":1,\"name\":\"Portada\",\"item\":\"https:\/\/www.editorialalpina.com\/es\/\"},{\"@type\":\"ListItem\",\"position\":2,\"name\":\"Tienda\",\"item\":\"https:\/\/www.editorialalpina.com\/es\/botiga\/\"},{\"@type\":\"ListItem\",\"position\":3,\"name\":\"100 CIMS MAPA DE RASCAR\"}]},{\"@type\":\"WebSite\",\"@id\":\"https:\/\/www.editorialalpina.com\/es\/#website\",\"url\":\"https:\/\/www.editorialalpina.com\/es\/\",\"name\":\"Editorial Alpina\",\"description\":\"Rutas de senderismo por Mallorca, Mapas de los Pirineos, rutas por los pirineos, senderismo en Andaluc\u00eda o mapa de sierra nevada? En Alpina tenemos rutas de senderismo por Mallorca, Mapas de Pirineos, rutas pirineos, senderismo Andaluc\u00eda o mapa sierra nevada y muchos m\u00e1s\",\"publisher\":{\"@id\":\"https:\/\/www.editorialalpina.com\/es\/#organization\"},\"potentialAction\":[{\"@type\":\"SearchAction\",\"target\":{\"@type\":\"EntryPoint\",\"urlTemplate\":\"https:\/\/www.editorialalpina.com\/es\/?s={search_term_string}\"},\"query-input\":{\"@type\":\"PropertyValueSpecification\",\"valueRequired\":true,\"valueName\":\"search_term_string\"}}],\"inLanguage\":\"es\"},{\"@type\":\"Organization\",\"@id\":\"https:\/\/www.editorialalpina.com\/es\/#organization\",\"name\":\"Editorial Alpina\",\"url\":\"https:\/\/www.editorialalpina.com\/es\/\",\"logo\":{\"@type\":\"ImageObject\",\"inLanguage\":\"es\",\"@id\":\"https:\/\/www.editorialalpina.com\/es\/#\/schema\/logo\/image\/\",\"url\":\"https:\/\/www.editorialalpina.com\/alpina2018\/wp-content\/uploads\/editorialAlpinaLogo.jpg\",\"contentUrl\":\"https:\/\/www.editorialalpina.com\/alpina2018\/wp-content\/uploads\/editorialAlpinaLogo.jpg\",\"width\":111,\"height\":144,\"caption\":\"Editorial Alpina\"},\"image\":{\"@id\":\"https:\/\/www.editorialalpina.com\/es\/#\/schema\/logo\/image\/\"}}]}<\/script>\n<!-- \/ Yoast SEO plugin. -->","yoast_head_json":{"title":"100 CIMS MAPA DE RASCAR - Editorial Alpina","description":"100 CIMS MAPA DE RASCAR Todos los mapas y gu\u00edas excursionistas de Editorial Alpina. Excursiones, senderos GR, rutas BTT, v\u00edas ferratas... la mejor forma de descubrir nuestro entorno.","robots":{"index":"index","follow":"follow","max-snippet":"max-snippet:-1","max-image-preview":"max-image-preview:large","max-video-preview":"max-video-preview:-1"},"canonical":"https:\/\/www.editorialalpina.com\/es\/mapa-alpina\/100-cims-mapa-de-rascar\/","og_locale":"es_ES","og_type":"article","og_title":"100 CIMS MAPA DE RASCAR - Editorial Alpina","og_description":"100 CIMS MAPA DE RASCAR Todos los mapas y gu\u00edas excursionistas de Editorial Alpina. Excursiones, senderos GR, rutas BTT, v\u00edas ferratas... la mejor forma de descubrir nuestro entorno.","og_url":"https:\/\/www.editorialalpina.com\/es\/mapa-alpina\/100-cims-mapa-de-rascar\/","og_site_name":"Editorial Alpina","article_modified_time":"2024-11-08T14:16:08+00:00","og_image":[{"width":800,"height":520,"url":"https:\/\/www.editorialalpina.com\/alpina2018\/wp-content\/uploads\/2024\/11\/100-Cims_imatge-scaled.jpg","type":"image\/jpeg"}],"twitter_misc":{"Tiempo de lectura":"1 minuto"},"schema":{"@context":"https:\/\/schema.org","@graph":[{"@type":"WebPage","@id":"https:\/\/www.editorialalpina.com\/es\/mapa-alpina\/100-cims-mapa-de-rascar\/","url":"https:\/\/www.editorialalpina.com\/es\/mapa-alpina\/100-cims-mapa-de-rascar\/","name":"100 CIMS MAPA DE RASCAR - Editorial Alpina","isPartOf":{"@id":"https:\/\/www.editorialalpina.com\/es\/#website"},"primaryImageOfPage":{"@id":"https:\/\/www.editorialalpina.com\/es\/mapa-alpina\/100-cims-mapa-de-rascar\/#primaryimage"},"image":{"@id":"https:\/\/www.editorialalpina.com\/es\/mapa-alpina\/100-cims-mapa-de-rascar\/#primaryimage"},"thumbnailUrl":"https:\/\/www.editorialalpina.com\/alpina2018\/wp-content\/uploads\/2024\/11\/100-Cims_imatge-scaled.jpg","datePublished":"2024-11-08T14:14:36+00:00","dateModified":"2024-11-08T14:16:08+00:00","description":"100 CIMS MAPA DE RASCAR Todos los mapas y gu\u00edas excursionistas de Editorial Alpina. Excursiones, senderos GR, rutas BTT, v\u00edas ferratas... la mejor forma de descubrir nuestro entorno.","breadcrumb":{"@id":"https:\/\/www.editorialalpina.com\/es\/mapa-alpina\/100-cims-mapa-de-rascar\/#breadcrumb"},"inLanguage":"es","potentialAction":[{"@type":"ReadAction","target":["https:\/\/www.editorialalpina.com\/es\/mapa-alpina\/100-cims-mapa-de-rascar\/"]}]},{"@type":"ImageObject","inLanguage":"es","@id":"https:\/\/www.editorialalpina.com\/es\/mapa-alpina\/100-cims-mapa-de-rascar\/#primaryimage","url":"https:\/\/www.editorialalpina.com\/alpina2018\/wp-content\/uploads\/2024\/11\/100-Cims_imatge-scaled.jpg","contentUrl":"https:\/\/www.editorialalpina.com\/alpina2018\/wp-content\/uploads\/2024\/11\/100-Cims_imatge-scaled.jpg","width":800,"height":520},{"@type":"BreadcrumbList","@id":"https:\/\/www.editorialalpina.com\/es\/mapa-alpina\/100-cims-mapa-de-rascar\/#breadcrumb","itemListElement":[{"@type":"ListItem","position":1,"name":"Portada","item":"https:\/\/www.editorialalpina.com\/es\/"},{"@type":"ListItem","position":2,"name":"Tienda","item":"https:\/\/www.editorialalpina.com\/es\/botiga\/"},{"@type":"ListItem","position":3,"name":"100 CIMS MAPA DE RASCAR"}]},{"@type":"WebSite","@id":"https:\/\/www.editorialalpina.com\/es\/#website","url":"https:\/\/www.editorialalpina.com\/es\/","name":"Editorial Alpina","description":"Rutas de senderismo por Mallorca, Mapas de los Pirineos, rutas por los pirineos, senderismo en Andaluc\u00eda o mapa de sierra nevada? En Alpina tenemos rutas de senderismo por Mallorca, Mapas de Pirineos, rutas pirineos, senderismo Andaluc\u00eda o mapa sierra nevada y muchos m\u00e1s","publisher":{"@id":"https:\/\/www.editorialalpina.com\/es\/#organization"},"potentialAction":[{"@type":"SearchAction","target":{"@type":"EntryPoint","urlTemplate":"https:\/\/www.editorialalpina.com\/es\/?s={search_term_string}"},"query-input":{"@type":"PropertyValueSpecification","valueRequired":true,"valueName":"search_term_string"}}],"inLanguage":"es"},{"@type":"Organization","@id":"https:\/\/www.editorialalpina.com\/es\/#organization","name":"Editorial Alpina","url":"https:\/\/www.editorialalpina.com\/es\/","logo":{"@type":"ImageObject","inLanguage":"es","@id":"https:\/\/www.editorialalpina.com\/es\/#\/schema\/logo\/image\/","url":"https:\/\/www.editorialalpina.com\/alpina2018\/wp-content\/uploads\/editorialAlpinaLogo.jpg","contentUrl":"https:\/\/www.editorialalpina.com\/alpina2018\/wp-content\/uploads\/editorialAlpinaLogo.jpg","width":111,"height":144,"caption":"Editorial Alpina"},"image":{"@id":"https:\/\/www.editorialalpina.com\/es\/#\/schema\/logo\/image\/"}}]}},"_links":{"self":[{"href":"https:\/\/www.editorialalpina.com\/es\/wp-json\/wp\/v2\/product\/22170","targetHints":{"allow":["GET"]}}],"collection":[{"href":"https:\/\/www.editorialalpina.com\/es\/wp-json\/wp\/v2\/product"}],"about":[{"href":"https:\/\/www.editorialalpina.com\/es\/wp-json\/wp\/v2\/types\/product"}],"replies":[{"embeddable":true,"href":"https:\/\/www.editorialalpina.com\/es\/wp-json\/wp\/v2\/comments?post=22170"}],"wp:featuredmedia":[{"embeddable":true,"href":"https:\/\/www.editorialalpina.com\/es\/wp-json\/wp\/v2\/media\/22167"}],"wp:attachment":[{"href":"https:\/\/www.editorialalpina.com\/es\/wp-json\/wp\/v2\/media?parent=22170"}],"wp:term":[{"taxonomy":"product_brand","embeddable":true,"href":"https:\/\/www.editorialalpina.com\/es\/wp-json\/wp\/v2\/product_brand?post=22170"},{"taxonomy":"product_cat","embeddable":true,"href":"https:\/\/www.editorialalpina.com\/es\/wp-json\/wp\/v2\/product_cat?post=22170"},{"taxonomy":"product_tag","embeddable":true,"href":"https:\/\/www.editorialalpina.com\/es\/wp-json\/wp\/v2\/product_tag?post=22170"}],"curies":[{"name":"wp","href":"https:\/\/api.w.org\/{rel}","templated":true}]}}